{"id":97,"date":"2023-12-10T18:13:11","date_gmt":"2023-12-10T18:13:11","guid":{"rendered":"https:\/\/siap.uw.edu.pl\/wordpress\/?page_id=97"},"modified":"2026-01-26T11:18:25","modified_gmt":"2026-01-26T11:18:25","slug":"przydatne-linki","status":"publish","type":"page","link":"https:\/\/siap.uw.edu.pl\/wordpress\/index.php\/przydatne-linki\/","title":{"rendered":"Przydatne linki"},"content":{"rendered":"<p><b>Spotkanie i promocja ksi\u0105\u017cki \u201eM\u0105dro\u015b\u0107 na wygnaniu\u201d , autorstwa Lamy Jampa Thaye.<\/b><\/p>\n<p>Dwudziestego trzeciego stycznia 2026 roku Zak\u0142ad Turkologii, Mongolistyki i Tybetologii we wsp\u00f3\u0142pracy ze Stowarzyszeniem Khyenkong Karma Kagyu Polska zorganizowa\u0142 promocj\u0119 polskiego przek\u0142adu ksi\u0105\u017cki \u201eM\u0105dro\u015b\u0107 na wygnaniu\u201d oraz spotkanie z autorem lam\u0105 Jama Thaye, brytyjskim<span class=\"Apple-converted-space\">\u00a0 <\/span>akademikiem, historykiem religii Tybetu (Uniwersytet w Manchesterze) i mistrzem medytacji. W trakcie spotkania autor opowiedzia\u0142 o genezie powstania i przybli\u017cy\u0142 tre\u015b\u0107 poszczeg\u00f3lnych rozdzia\u0142\u00f3w swojej ksi\u0105\u017cki. Odpowiada\u0142 te\u017c na pytania licznie przyby\u0142ej widowni. Na zako\u0144czenie spotkania zainteresowani mogli uzyska\u0107 autograf autora w promowanej ksi\u0105\u017cce.<\/p>\n<p><img fetchpriority=\"high\" decoding=\"async\" class=\"alignnone size-medium wp-image-321\" src=\"https:\/\/siap.uw.edu.pl\/wordpress\/wp-content\/uploads\/2026\/01\/20260123_200102-kopia-300x169.jpg\" alt=\"\" width=\"300\" height=\"169\" srcset=\"https:\/\/siap.uw.edu.pl\/wordpress\/wp-content\/uploads\/2026\/01\/20260123_200102-kopia-300x169.jpg 300w, https:\/\/siap.uw.edu.pl\/wordpress\/wp-content\/uploads\/2026\/01\/20260123_200102-kopia-1024x577.jpg 1024w, https:\/\/siap.uw.edu.pl\/wordpress\/wp-content\/uploads\/2026\/01\/20260123_200102-kopia-768x432.jpg 768w, https:\/\/siap.uw.edu.pl\/wordpress\/wp-content\/uploads\/2026\/01\/20260123_200102-kopia-1536x865.jpg 1536w, https:\/\/siap.uw.edu.pl\/wordpress\/wp-content\/uploads\/2026\/01\/20260123_200102-kopia-2048x1153.jpg 2048w, https:\/\/siap.uw.edu.pl\/wordpress\/wp-content\/uploads\/2026\/01\/20260123_200102-kopia-624x351.jpg 624w\" sizes=\"(max-width: 300px) 100vw, 300px\" \/><\/p>\n<p><b><i>W dialogu z Azj\u0105 i Afryka \u2013 nauka, kt\u00f3ra \u0142\u0105czy \u015bwiaty.<\/i><\/b><b><span class=\"Apple-converted-space\">\u00a0 <\/span>Wystawa prezentuj\u0105ca potencja\u0142 i dorobek naukowy WKAiA<\/b><\/p>\n<p>Dnia 19 stycznia 2026 roku o godzinie 12.00 w galerii Pa\u0142acu Kazimierzowskiego Uniwersytetu Warszawskiego odby\u0142o si\u0119 uroczyste otwarcie wystawy prezentuj\u0105cej badania i dorobek pracownik\u00f3w Wydzia\u0142u Kultur Azji i Afryki. Wystawa zosta\u0142a przygotowana we wsp\u00f3\u0142pracy z Centrum Wsp\u00f3\u0142pracy i Dialogu UW. Wernisa\u017c wystawy zosta\u0142a otwarty przez Prorektora UW ds. bada\u0144 prof. dr hab. Zygmunta Lalaka, kt\u00f3ry wsp\u00f3lnie z Dziekan Wydzia\u0142u \u2013 dr hab. Agata Bareja-Starzy\u0144ska, prof. ucz. oraz panem Jackiem Sztolcmanem \u2013 szefem Centrum powitali przyby\u0142ych go\u015bci, w\u015br\u00f3d kt\u00f3rych znale\u017ali si\u0119 prof. dr hab. Ewa Krogulec &#8211; Prorektor UW ds. rozwoju, prof. dr hab. Sambor Grucza \u2013<span class=\"Apple-converted-space\">\u00a0 <\/span>Prorektor ds. wsp\u00f3\u0142pracy i spraw pracowniczych, dr hab. Adam Niewiadomski, prof. ucz. &#8211; Prorektora UW ds. doktoranckich i prawnych, dziekan\u00f3w UW, a tak\u017ce innych licznie przyby\u0142ych przyjaci\u00f3\u0142 i pracownik\u00f3w Wydzia\u0142u. Wernisa\u017c poprzedzi\u0142 doroczne spotkanie student\u00f3w I roku z ambasadorami kraj\u00f3w Azji i Afryki, co umo\u017cliwi\u0142o niekt\u00f3rym z nich wzi\u0119cie udzia\u0142u w otwarciu wystawy. W\u015br\u00f3d nich znalaz\u0142a si\u0119 Jej Ekscelencja Ambasador Mongolii w Polsce Pani Oyundari Navaan-Yunden, kt\u00f3ra w towarzystwie Pani Dziekan i Pana Byambaa Ragchaa \u2013 lektora j\u0119zyka mongolskiego, wsp\u00f3lnie obejrzeli wystaw\u0119, a szczeg\u00f3lnie plansze dotycz\u0105ce bada\u0144 i osi\u0105gni\u0119\u0107 pracownik\u00f3w Zak\u0142adu Turkologii, Mongolistyki i Tybetologii WKAiA UW. Plansza opisuj\u0105ca dokonania mongolist\u00f3w i tybetolog\u00f3w z WKAiA UW zosta\u0142a przygotowana przez dr Jana Rogal\u0119 i mgr Paulin\u0119 Koniuch.<\/p>\n<p><img decoding=\"async\" class=\"alignnone size-medium wp-image-320\" src=\"https:\/\/siap.uw.edu.pl\/wordpress\/wp-content\/uploads\/2026\/01\/foto-z-otwarcia-wsytawy-Amb.-MGL-225x300.jpg\" alt=\"\" width=\"225\" height=\"300\" srcset=\"https:\/\/siap.uw.edu.pl\/wordpress\/wp-content\/uploads\/2026\/01\/foto-z-otwarcia-wsytawy-Amb.-MGL-225x300.jpg 225w, https:\/\/siap.uw.edu.pl\/wordpress\/wp-content\/uploads\/2026\/01\/foto-z-otwarcia-wsytawy-Amb.-MGL-768x1024.jpg 768w, https:\/\/siap.uw.edu.pl\/wordpress\/wp-content\/uploads\/2026\/01\/foto-z-otwarcia-wsytawy-Amb.-MGL-1152x1536.jpg 1152w, https:\/\/siap.uw.edu.pl\/wordpress\/wp-content\/uploads\/2026\/01\/foto-z-otwarcia-wsytawy-Amb.-MGL-624x832.jpg 624w, https:\/\/siap.uw.edu.pl\/wordpress\/wp-content\/uploads\/2026\/01\/foto-z-otwarcia-wsytawy-Amb.-MGL.jpg 1200w\" sizes=\"(max-width: 225px) 100vw, 225px\" \/><\/p>\n<p><strong>V MI\u0118DZYNARODOWA KONFERENCJA MONGOLISTYCZNA GRUDZIE\u0143 2025<\/strong><\/p>\n<p>W dniach 8-9 grudnia 2025 roku po raz pi\u0105ty Sekcja Mongolistyki-Tybetologii, Zak\u0142adu Turkologii i Lud\u00f3w Azji \u015arodkowej Wydzia\u0142u Kultur Azji i Afryki zorganizowa\u0142a mi\u0119dzynarodow\u0105 konferencj\u0119 naukow\u0105 \u201dMongolia and the Mongols: Past and Present\u201d \u2013 tym razem we wsp\u00f3\u0142pracy z Pa\u0144stwowym Uniwersytetem Mongolskim, Buddyjskim Uniwersytetem Zanabazara oraz Ambasad\u0105 Mongolii w Polsce. Tegoroczna konferencja zamyka cykl wydarze\u0144 jubileuszowych 75-lecia stosunk\u00f3w dyplomatycznych mi\u0119dzy Polsk\u0105 i Mongoli\u0105.<\/p>\n<p><span class=\"Apple-converted-space\">\u00a0 <\/span>Podczas otwarcia konferencji 8 grudnia w Starym BUW-ie swoj\u0105 obecno\u015bci\u0105 zaszczy\u0142 nas Robert Grey, Kanclerz UW; J.E. Oyundari Navaan-Yunden, Ambasador Mongolii w Polsce; dr hab. Agata Bareja-Starzy\u0144ska, prof. ucz., Dziekan WKAiA; prof. OCHIRKHUYAG Bayanjargal, Rektor Pa\u0144stwowego Uniwersytetu Mongolskiego; prof. CHULUUN Sampildondov; Dyrektor Muzeum Czyngis-chana w U\u0142an Batorze; prof. ZAYABAATAR Dalai, Sekretarz Mi\u0119dzynarodowego Stowarzyszenia Studi\u00f3w Mongolistycznych; pani Urtnasan Tsakhiur, Konsul Honorowy Mongolii w Polsce; a tak\u017ce pan Konrad Maziarz, Departament Azji i Pacyfiku MSZ.<\/p>\n<p>Tegoroczna konferencja cieszy\u0142a si\u0119 bardzo du\u017cym zainteresowaniem badaczy z r\u00f3\u017cnych dyscyplin. W\u015br\u00f3d go\u015bci i prelegent\u00f3w znalaz\u0142o si\u0119 wielu uznanych, \u015bwiatowej rangi naukowc\u00f3w, m.in. prof. Isabelle Charleux (Francja), prof. Turbat Tsagaan (Mongolia), prof. Eredenetsogt Bat-Orshikh (Mongolia), prof. Quanrong (ChRL). W konferencji udzia\u0142 wzi\u0119\u0142o 63 prelegent\u00f3w z 11 kraj\u00f3w (Polska, Mongolia, ChRL, Austria, Belgia, Czechy, Estonia, Francja, Niemcy, W\u0119gry, Wielka Brytania).<span class=\"Apple-converted-space\">\u00a0<\/span><\/p>\n<p>W trakcie dw\u00f3ch dni obrad zaprezentowano wiele interesuj\u0105cych referat\u00f3w i prezentacji dotycz\u0105cych mongolskiej kultury i religii, tradycji, obyczajowo\u015bci, historii, literatury, j\u0119zyka, archeologii, geologii, ekonomii i polityki. Konferencja sta\u0142a si\u0119 platform\u0105 do prezentacji wynik\u00f3w bada\u0144, wymiany my\u015bli i pogl\u0105d\u00f3w, a tak\u017ce o\u017cywionej dyskusji, w kt\u00f3rej pojawi\u0142 si\u0119 tak\u017ce temat aktualnego stanu studi\u00f3w mongolistycznych i ich rozwoju. Spotkanie zaowocowa\u0142o deklaracjami zawi\u0105zania projekt\u00f3w wsp\u00f3\u0142pracy, jak r\u00f3wnie\u017c planem wydania tomu pokonferencyjnego. W dn. 9.12.25 odby\u0142o si\u0119 r\u00f3wnie\u017c spotkanie grupy naukowc\u00f3w z UW i Mongolii, inicjuj\u0105ce powo\u0142anie stacji badawczej UW na Pa\u0144stwowym Uniwersytecie Mongolskim. W sali obrad zaprezentowana zosta\u0142a wystawa obraz\u00f3w autorstwa Dorjgotov Otgonbaatara, ukazuj\u0105ca historyczn\u0105 architektur\u0119 klasztor\u00f3w buddyjskich zniszczonych w czasach komunistycznych w Mongolii.<span class=\"Apple-converted-space\">\u00a0<\/span><\/p>\n<p>Za zako\u0144czenie obrad 9.12.25 Ambasador Mongolii w Polsce wyda\u0142a uroczyst\u0105 kolacj\u0119 dla uczestnik\u00f3w konferencji oraz przyjaci\u00f3\u0142 Mongolii w Polsce. W\u015br\u00f3d go\u015bci obecny by\u0142 JM Rektor UW oraz zaprzyja\u017anieni przedstawiciele \u015bwiata nauki, polityki i gospodarki. Przyj\u0119cie poprzedzi\u0142 kr\u00f3tki wyst\u0119p mongolskiego zespo\u0142u muzycznego Mongol Ajalgu (Melodie Mongolii). W trakcie przyj\u0119cia go\u015bcie mogli zobaczy\u0107 wystaw\u0119 przygotowan\u0105 przez pracownik\u00f3w i student\u00f3w mongolistyki i tybetologii, ukazuj\u0105c\u0105 75 lat relacji mi\u0119dzy Polsk\u0105 i Mongoli\u0105.<\/p>\n<p>Wydarzeniem towarzysz\u0105cym konferencji by\u0142 przygotowany przez pracownik\u00f3w i student\u00f3w mongolistyki i tybetologii program kulturalny \u201eJurta mongolska na UW\u201d s\u0142u\u017c\u0105cy przybli\u017ceniu mongolskiej kultury, tradycji i obyczajowo\u015bci szerokiemu gremium student\u00f3w i pracownik\u00f3w UW. Na dziedzi\u0144cu Kampusu G\u0142\u00f3wnego UW stan\u0119\u0142a jurta, w kt\u00f3rej i wok\u00f3\u0142 kt\u00f3rej odbywa\u0142y si\u0119 pokazy, m.in. wystawa mongolskiej malarki Sologno Tsegmid, pokazy stroj\u00f3w etnicznych, gier ludowych etc.).<\/p>\n<p>Du\u017cym wsparciem organizacyjno-logistycznym byli m\u0142odzi adepci mongolistyki-tybetologii, doktoranci i doktorantki oraz studenci i studentki Zak\u0142adu, kt\u00f3rzy nie tylko przys\u0142uchiwali si\u0119 wyk\u0142adom i prezentacjom, ale r\u00f3wnie\u017c aktywnie pomagali organizatorom, a niekt\u00f3rzy z nich prezentowali referaty konferencyjne. <span class=\"Apple-converted-space\">\u00a0<\/span><\/p>\n<p>Podsumowuj\u0105c, V mi\u0119dzynarodowa konferencja mongolistyczna by\u0142a wa\u017cnym wydarzeniem naukowym i kulturalnym, kt\u00f3re przyci\u0105gn\u0119\u0142o liczne grono naukowc\u00f3w, ale tak\u017ce zosta\u0142o zauwa\u017cone i odnotowane w mediach, a na Kampusie G\u0142\u00f3wny UW oraz w Starym BUW-ie przez dwa dni mo\u017cna by\u0142o pozna\u0107 wiele aspekt\u00f3w \u017cycia mieszka\u0144c\u00f3w Mongolii.<span class=\"Apple-converted-space\">\u00a0<\/span><\/p>\n<p>Organizatorzy:<\/p>\n<p>dr Jan Rogala<span class=\"Apple-converted-space\">\u00a0<\/span><\/p>\n<p>z zespo\u0142em pracownik\u00f3w, student\u00f3w i doktorant\u00f3w mongolistyki-tybetologii WKAiA<\/p>\n<p><img decoding=\"async\" class=\"alignnone size-medium wp-image-315\" src=\"https:\/\/siap.uw.edu.pl\/wordpress\/wp-content\/uploads\/2026\/01\/Mongolia_08122025_021-300x200.jpg\" alt=\"\" width=\"300\" height=\"200\" srcset=\"https:\/\/siap.uw.edu.pl\/wordpress\/wp-content\/uploads\/2026\/01\/Mongolia_08122025_021-300x200.jpg 300w, https:\/\/siap.uw.edu.pl\/wordpress\/wp-content\/uploads\/2026\/01\/Mongolia_08122025_021-1024x683.jpg 1024w, https:\/\/siap.uw.edu.pl\/wordpress\/wp-content\/uploads\/2026\/01\/Mongolia_08122025_021-768x512.jpg 768w, https:\/\/siap.uw.edu.pl\/wordpress\/wp-content\/uploads\/2026\/01\/Mongolia_08122025_021-1536x1024.jpg 1536w, https:\/\/siap.uw.edu.pl\/wordpress\/wp-content\/uploads\/2026\/01\/Mongolia_08122025_021-2048x1365.jpg 2048w, https:\/\/siap.uw.edu.pl\/wordpress\/wp-content\/uploads\/2026\/01\/Mongolia_08122025_021-624x416.jpg 624w\" sizes=\"(max-width: 300px) 100vw, 300px\" \/><img loading=\"lazy\" decoding=\"async\" class=\"alignnone size-medium wp-image-317\" src=\"https:\/\/siap.uw.edu.pl\/wordpress\/wp-content\/uploads\/2026\/01\/Mongolia_08122025_051-300x200.jpg\" alt=\"\" width=\"300\" height=\"200\" srcset=\"https:\/\/siap.uw.edu.pl\/wordpress\/wp-content\/uploads\/2026\/01\/Mongolia_08122025_051-300x200.jpg 300w, https:\/\/siap.uw.edu.pl\/wordpress\/wp-content\/uploads\/2026\/01\/Mongolia_08122025_051-1024x683.jpg 1024w, https:\/\/siap.uw.edu.pl\/wordpress\/wp-content\/uploads\/2026\/01\/Mongolia_08122025_051-768x512.jpg 768w, https:\/\/siap.uw.edu.pl\/wordpress\/wp-content\/uploads\/2026\/01\/Mongolia_08122025_051-1536x1024.jpg 1536w, https:\/\/siap.uw.edu.pl\/wordpress\/wp-content\/uploads\/2026\/01\/Mongolia_08122025_051-2048x1365.jpg 2048w, https:\/\/siap.uw.edu.pl\/wordpress\/wp-content\/uploads\/2026\/01\/Mongolia_08122025_051-624x416.jpg 624w\" sizes=\"(max-width: 300px) 100vw, 300px\" \/><img loading=\"lazy\" decoding=\"async\" class=\"alignnone size-medium wp-image-316\" src=\"https:\/\/siap.uw.edu.pl\/wordpress\/wp-content\/uploads\/2026\/01\/Mongolia_08122025_032-300x200.jpg\" alt=\"\" width=\"300\" height=\"200\" srcset=\"https:\/\/siap.uw.edu.pl\/wordpress\/wp-content\/uploads\/2026\/01\/Mongolia_08122025_032-300x200.jpg 300w, https:\/\/siap.uw.edu.pl\/wordpress\/wp-content\/uploads\/2026\/01\/Mongolia_08122025_032-1024x683.jpg 1024w, https:\/\/siap.uw.edu.pl\/wordpress\/wp-content\/uploads\/2026\/01\/Mongolia_08122025_032-768x512.jpg 768w, https:\/\/siap.uw.edu.pl\/wordpress\/wp-content\/uploads\/2026\/01\/Mongolia_08122025_032-1536x1024.jpg 1536w, https:\/\/siap.uw.edu.pl\/wordpress\/wp-content\/uploads\/2026\/01\/Mongolia_08122025_032-2048x1365.jpg 2048w, https:\/\/siap.uw.edu.pl\/wordpress\/wp-content\/uploads\/2026\/01\/Mongolia_08122025_032-624x416.jpg 624w\" sizes=\"(max-width: 300px) 100vw, 300px\" \/><img loading=\"lazy\" decoding=\"async\" class=\"alignnone size-medium wp-image-314\" src=\"https:\/\/siap.uw.edu.pl\/wordpress\/wp-content\/uploads\/2026\/01\/Mongolia_08122025_053-300x200.jpg\" alt=\"\" width=\"300\" height=\"200\" srcset=\"https:\/\/siap.uw.edu.pl\/wordpress\/wp-content\/uploads\/2026\/01\/Mongolia_08122025_053-300x200.jpg 300w, https:\/\/siap.uw.edu.pl\/wordpress\/wp-content\/uploads\/2026\/01\/Mongolia_08122025_053-1024x683.jpg 1024w, https:\/\/siap.uw.edu.pl\/wordpress\/wp-content\/uploads\/2026\/01\/Mongolia_08122025_053-768x512.jpg 768w, https:\/\/siap.uw.edu.pl\/wordpress\/wp-content\/uploads\/2026\/01\/Mongolia_08122025_053-1536x1024.jpg 1536w, https:\/\/siap.uw.edu.pl\/wordpress\/wp-content\/uploads\/2026\/01\/Mongolia_08122025_053-2048x1365.jpg 2048w, https:\/\/siap.uw.edu.pl\/wordpress\/wp-content\/uploads\/2026\/01\/Mongolia_08122025_053-624x416.jpg 624w\" sizes=\"(max-width: 300px) 100vw, 300px\" \/><\/p>\n<p><strong>KONFERENCJA STUDENCKO-DOKTORANCKA PA\u0179DZIERNIK 2025<\/strong><\/p>\n<p>Rada Samorz\u0105du Student\u00f3w Wydzia\u0142u Orientalistycznego oraz Wydzia\u0142 Orientalistyczny organizuje XIII Og\u00f3lnopolsk\u0105 Interdyscyplinarn\u0105 Studencko-Doktoranck\u0105 Konferencj\u0119 Naukow\u0105 \u201eMi\u0119dzy Wschodem a Zachodem, mi\u0119dzy P\u00f3\u0142noc\u0105 a Po\u0142udniem\u201d.<\/p>\n<p>Konferencja skierowana jest do os\u00f3b studiuj\u0105cych, doktoryzuj\u0105cych si\u0119 oraz naukowo zajmuj\u0105cych si\u0119 j\u0119zykami, kultur\u0105, literatur\u0105, filozofi\u0105, sztuk\u0105, socjologi\u0105, politologi\u0105 i histori\u0105 kraj\u00f3w Azji i Afryki w perspektywie interdyscyplinarnej. Uwa\u017camy, \u017ce to doskona\u0142a okazja do wymiany wiedzy i do\u015bwiadcze\u0144, a tak\u017ce do promowania mi\u0119dzydziedzinowych inicjatyw naukowych.<\/p>\n<p>Konferencja odb\u0119dzie si\u0119 stacjonarnie w dniach 16 &#8211; 17 pa\u017adziernika 2025 r. na Wydziale<br \/>\nOrientalistycznym Uniwersytetu Warszawskiego (Warszawa, ul. Ho\u017ca 69).<\/p>\n<p>Abstrakty na konferencj\u0119 poparte bibliografi\u0105 nale\u017cy przes\u0142a\u0107 do dnia 15 wrze\u015bnia br. poprzez formularz zg\u0142oszeniowy dost\u0119pny pod linkiem: <a href=\"https:\/\/forms.gle\/7aAbo3gBeFKzKHUP7\" target=\"_blank\" rel=\"noopener\">https:\/\/forms.gle\/7aAbo3gBeFKzKHUP7<\/a>. Abstrakty zostan\u0105 ocenione przez Rad\u0119 Naukow\u0105.<\/p>\n<p>Zach\u0119camy do \u015bledzenia szczeg\u00f3\u0142\u00f3w dotycz\u0105cych wydarzenia na stronie Rady Samorz\u0105du Student\u00f3w Wydzia\u0142u Orientalistycznego:\u00a0<a href=\"https:\/\/www.facebook.com\/samorzad.orient\" target=\"_blank\" rel=\"noopener\">https:\/\/www.facebook.com\/samorzad.orient<\/a>\u00a0oraz na stronie wydarzenia:\u00a0<a href=\"https:\/\/www.facebook.com\/events\/4150196308559042\/\" target=\"_blank\" rel=\"noopener\">https:\/\/www.facebook.com\/events\/4150196308559042\/<\/a>.<\/p>\n<p>&nbsp;<\/p>\n<p><strong>LIPIEC \/ JULY 2025<\/strong><\/p>\n<p>Dnia 6 lipca 2025 roku z inicjatywy Stowarzyszenia Spo\u0142eczno\u015bci Tybeta\u0144skiej w Polsce przy wsp\u00f3\u0142pracy z Zak\u0142adem Turkologii i Lud\u00f3w Azji \u015arodkowej WO UW odby\u0142o si\u0119 wydarzenie zatytu\u0142owane \u201cTibet \u2013 A Year of Compassion. Honoring the Legacy of Kindness and Wisdom\u201d, kt\u00f3rego g\u0142\u00f3wnym celem by\u0142o uczczenie jubileuszu 90. urodzin Jego \u015awi\u0119tobliwo\u015bci Dalajlamy.<br \/>\nW programie znalaz\u0142y si\u0119 m.in. uroczysta celebracja urodzin J.\u015a. Dalajlamy po\u0142\u0105czona z ofiarowaniem chadak\u00f3w\u00b8 pokaz filmu dokumentalnego o \u017ce\u0144skim zakonie Dolma Ling w Dharamsali, prezentacja ksi\u0105\u017cki autorstwa J.\u015a. Dalajlamy Voice of voiceless, wsp\u00f3lne \u015bpiewy i ta\u0144ce oraz pocz\u0119stunek.<br \/>\nW\u015br\u00f3d ponad 40 uczestnik\u00f3w, z kt\u00f3rych du\u017c\u0105 cze\u015b\u0107 stanowili Tybeta\u0144czycy mieszkaj\u0105cy w Polsce, znale\u017ali si\u0119 r\u00f3wnie\u017c studenci oraz pracownicy Zak\u0142adu Turkologii i Lud\u00f3w Azji \u015arodkowej &#8211; dr hab. Thupten Kunga Chashab, mgr Paulina Koniuch i mgr Tsenyi Tenzin, kt\u00f3rzy wsp\u00f3\u0142organizowali i wsp\u00f3\u0142prowadzili wydarzenie.<\/p>\n<p>On July 6, 2025, on the initiative of the Association of Tibetan Community in Poland, in cooperation with the Department of Turkic Studies and Inner Asian Peoples, Faculty of Oriental Studies UW, an event titled \u201cTibet \u2013 A Year of Compassion. Honoring the Legacy of Kindness and Wisdom\u201d was organized. The main purpose of the event was to celebrate the 90th birthday of His Holiness the Dalai Lama.<br \/>\nThe program included a celebration of the birthday of His Holiness, along with the offering of khadaks (ceremonial scarves), a screening of a documentary film about the Dolma Ling nunnery in Dharamsala, a presentation of His Holiness\u2019s book Voice of the Voiceless, as well as joint singing and dancing and refreshments.<br \/>\nAmong more than 40 participants \u2014 many of whom were Tibetans living in Poland \u2014 there were also students and staff members from the Department of Turkic Studies and Inner Asian Peoples: Dr. habil. Thupten Kunga Chashab, Paulina Koniuch, MA, and Tsenyi Tenzin, MA, who co-organized and co-hosted the event.<\/p>\n<p><strong>KWIECIE\u0143 \/ APRIL 2025<\/strong><\/p>\n<p><strong>16 kwietnia 2025 roku<\/strong> <strong>Zak\u0142ad Turkologii i Lud\u00f3w Azji \u015arodkowej WO go\u015bci\u0142 pana Passanga Tseringa, dyrektora College for Higher Tibetan Studies w Sarah, Tehsil Dharamsala, Indie<\/strong>. W ramach wyk\u0142adu pt. \u201eHigher Education in Exile\u201d Pan Passang Tsering zapozna\u0142 s\u0142uchaczy z dzia\u0142alno\u015bci\u0105 szko\u0142y oraz mo\u017cliwo\u015bciami wsp\u00f3\u0142pracy w ramach programu Erasmus Plus. Szko\u0142a jest fili\u0105 Instytutu Dialektyki Buddyjskiej w Dharamsali i powsta\u0142a w 1991 roku. Realizuje rozmaite programy edukacyjne dla Tybeta\u0144czyk\u00f3w i student\u00f3w zagranicznych.<\/p>\n<p><strong>On April 16, 2025, the Department of Turkic Studies and Inner Asian Peoples hosted Mr. Passang Tsering, Director of the College for Higher Tibetan Studies in Sarah, Tehsil Dharamsala, India<\/strong>. During his lecture titled <em data-start=\"219\" data-end=\"249\">&#8222;Higher Education in Exile,&#8221;<\/em> Mr. Passang Tsering introduced the audience to the school&#8217;s activities and opportunities for cooperation within the Erasmus Plus program. The school, established in 1991, is a branch of the Institute of Buddhist Dialectics in Dharamsala. It offers various educational programs for Tibetans and international students.<\/p>\n<p><img loading=\"lazy\" decoding=\"async\" class=\"alignnone size-medium wp-image-267\" src=\"https:\/\/siap.uw.edu.pl\/wordpress\/wp-content\/uploads\/2025\/04\/IMG_0245-300x225.jpg\" alt=\"\" width=\"300\" height=\"225\" srcset=\"https:\/\/siap.uw.edu.pl\/wordpress\/wp-content\/uploads\/2025\/04\/IMG_0245-300x225.jpg 300w, https:\/\/siap.uw.edu.pl\/wordpress\/wp-content\/uploads\/2025\/04\/IMG_0245-624x468.jpg 624w, https:\/\/siap.uw.edu.pl\/wordpress\/wp-content\/uploads\/2025\/04\/IMG_0245.jpg 640w\" sizes=\"(max-width: 300px) 100vw, 300px\" \/><\/p>\n<p>&nbsp;<\/p>\n<p><strong>15 kwietnia 2025 roku Zak\u0142ad Turkologii i Lud\u00f3w Azji \u015arodkowej (sekcja mongolistyki i tybetologii) go\u015bci\u0142 prof. L. Dashnyama, Przewodnicz\u0105cego Rady J\u0119zyka Mongolskiego przy Premierze Mongolii<\/strong>. W czasie spotkania rozmawiano o mo\u017cliwo\u015bciach wsp\u00f3\u0142pracy miedzy polskimi i mongolskimi naukowcami, w tym o publikacji dotycz\u0105cej dokona\u0144 W\u0142adys\u0142awa Kotowicza, wsp\u00f3lnych prac nad s\u0142ownikiem polsko-mongolskim\/ mongolsko-polskim oraz wymianie naukowej. W spotkaniu udzia\u0142 wzi\u0119\u0142a dr hab. Agata Bareja-Starzy\u0144ska, prof. ucz. \u2013 Dziekan WO, Wiceprezes Mi\u0119dzynarodowego Stowarzyszenia Studi\u00f3w Mongolistycznych, dr Jan<span class=\"Apple-converted-space\">\u00a0 <\/span>Rogala \u2013 Kierownik ZTiLA\u015a, pracownicy i studenci mongolistyki i tybetologii.<\/p>\n<p class=\"\" data-start=\"0\" data-end=\"489\"><strong>On April 15, 2025, the Department of Turkic Studies and Central Asian Peoples (Mongolian and Tibetan Studies section) hosted Prof. L. Dashnyam, Chair of the Mongolian Language Council under the Prime Minister of Mongolia<\/strong>. During the meeting, participants discussed opportunities for collaboration between Polish and Mongolian scholars, including a publication on the achievements of W\u0142adys\u0142aw Kotowicz, joint work on a Polish-Mongolian \/ Mongolian-Polish dictionary, and academic exchange. The meeting was attended by Prof. Agata Bareja-Starzy\u0144ska \u2013 Dean of the Faculty of Oriental Studies and Vice President of the International Association for Mongol Studies; Dr. Jan Rogala \u2013 Head of the Department of Turkic Studies and Inner Asian Peoples; as well as faculty and students of Mongolian and Tibetan Studies.<\/p>\n<p>&nbsp;<\/p>\n<p><strong>W dniu 14 kwietnia 2025 roku Wydzia\u0142 Orientalistyczny z oficjaln\u0105 wizyt\u0105 odwiedzi\u0142a Jej Ekscelencja Pani N. Oyundari \u2013 Ambasador Mongolii w Polsce<\/strong>. W spotkaniu ze strony Wydzia\u0142u Orientalistycznego udzia\u0142 wzi\u0119li Pani Dziekan \u2013 dr hab. Agata Bareja-Starzy\u0144ska, prof. ucz., Pan dr Jan Rogala, Kierownik Zak\u0142adu Turkologii i Lud\u00f3w Azji \u015arodkowej WO UW, oraz Pan R. Byambaa, lektor j\u0119zyka mongolskiego z tego samego Zak\u0142adu. G\u0142\u00f3wnym tematem rozm\u00f3w by\u0142y mo\u017cliwo\u015bciach wsp\u00f3\u0142pracy i organizacji wsp\u00f3lnych przedsi\u0119wzi\u0119\u0107 w ramach tegorocznej 75. rocznicy nawi\u0105zania stosunk\u00f3w dyplomatycznych miedzy naszymi krajami. Pani Dziekan poinformowa\u0142a o przygotowywanej przez WO 5. mi\u0119dzynarodowej konferencji naukowej \u201eMongolia and the Mongols: Past and Present\u201d, planach rozwoju wsp\u00f3\u0142pracy w zakresie studi\u00f3w mongolistycznych i wymiany naukowej, potwierdzi\u0142a ch\u0119\u0107 pog\u0142\u0119biania wsp\u00f3\u0142pracy mi\u0119dzy WO i plac\u00f3wkami naukowymi w Mongolii, wyrazi\u0142a nadziej\u0119 na kontynuacj\u0119 dobrej dalszej wsp\u00f3\u0142pracy z Pani\u0105 Ambasador oraz Ambasadom Mongolii w Polsce. Pani Ambasador zadeklarowa\u0142a wsparcie dla rozwoju studi\u00f3w mongolistycznych, przedstawi\u0142a swoje pomys\u0142y na wsp\u00f3\u0142prac\u0119, kt\u00f3ra jak podkre\u015bli\u0142a jest wa\u017cna dla budowania wzajemnych relacji. Pod koniec spotkania Kierownik Zak\u0142adu Turkologii i Lud\u00f3w Azji \u015arodkowej zaprosi\u0142 Pani\u0105 Ambasador do odwiedzenia siedziby mongolistyki i tybetologii na WO, spotkania ze studentami oraz wyg\u0142oszenia wyk\u0142adu na temat wsp\u00f3\u0142czesnych relacji polsko-mongolskich. Zaproszenie zosta\u0142o przyj\u0119te, podobnie jak wst\u0119pna pro\u015bba o objecie patronatem honorowym wspomnianej konferencji naukowej.<span class=\"Apple-converted-space\">\u00a0 <\/span>Natomiast Pani Ambasador zaprosi\u0142a ca\u0142\u0105 spo\u0142eczno\u015b\u0107 WO na mongolskie \u015bwi\u0119to Naadam w Powsinie, kt\u00f3re odb\u0119dzie si\u0119 7 czerwca br.<span class=\"Apple-converted-space\"> \u00a0<\/span>Ko\u0144cz\u0105c spotkanie obie strony potwierdzi\u0142y wzajemne wsparcie i pog\u0142\u0119bianie wsp\u00f3\u0142pracy na rzecz rozwoju studi\u00f3w mongolistycznych oraz wzajemnych relacji mi\u0119dzy naszymi pa\u0144stwami i narodami.<\/p>\n<p class=\"\" data-start=\"0\" data-end=\"422\"><strong>On April 14, 2025, Her Excellency Ms. N. Oyundari, Ambassador of Mongolia to Poland, officially visited the Faculty of Oriental Studies<\/strong>. Representing the Faculty were Dean Prof. Agata Bareja-Starzy\u0144ska, Dr. Jan Rogala, Head of the Department of Turkic Studies and Inner Asian Peoples at the University of Warsaw, and Mr. R. Byambaa, Mongolian language lecturer from the same department. The main topic of discussion was the potential for cooperation and the organization of joint initiatives in connection with the 75th anniversary of establishing diplomatic relations between Poland and Mongolia. The Dean presented the Faculty\u2019s plans for the 5th international academic conference <em data-start=\"728\" data-end=\"774\">\u201cMongolia and the Mongols: Past and Present\u201d<\/em> and ongoing efforts to expand collaboration in Mongolian Studies and academic exchange. She affirmed the Faculty\u2019s commitment to deepening cooperation with Mongolian academic institutions and expressed hope for continued fruitful collaboration with the Ambassador and the Embassy of Mongolia in Poland. Ambassador Oyundari expressed her support for the development of Mongolian Studies, shared her ideas for future cooperation, emphasizing its importance in building mutual relations, and accepted the invitation to visit the Mongolian and Tibetan Studies section at the Faculty, meet with students, and deliver a lecture on contemporary Polish-Mongolian relations. She also tentatively agreed to serve as honorary patron of the upcoming academic conference. In turn, the Ambassador invited the entire Faculty community to attend the Mongolian Naadam Festival in Powsin, to be held on June 7 this year. The meeting concluded with both sides reaffirming their commitment to mutual support and strengthening cooperation in developing Mongolian Studies and bilateral relations between the two countries and their peoples.<\/p>\n<p><img loading=\"lazy\" decoding=\"async\" class=\"alignnone size-medium wp-image-270\" src=\"https:\/\/siap.uw.edu.pl\/wordpress\/wp-content\/uploads\/2025\/04\/wizyta-Ambasador-300x225.jpeg\" alt=\"\" width=\"300\" height=\"225\" srcset=\"https:\/\/siap.uw.edu.pl\/wordpress\/wp-content\/uploads\/2025\/04\/wizyta-Ambasador-300x225.jpeg 300w, https:\/\/siap.uw.edu.pl\/wordpress\/wp-content\/uploads\/2025\/04\/wizyta-Ambasador-1024x768.jpeg 1024w, https:\/\/siap.uw.edu.pl\/wordpress\/wp-content\/uploads\/2025\/04\/wizyta-Ambasador-768x576.jpeg 768w, https:\/\/siap.uw.edu.pl\/wordpress\/wp-content\/uploads\/2025\/04\/wizyta-Ambasador-1536x1152.jpeg 1536w, https:\/\/siap.uw.edu.pl\/wordpress\/wp-content\/uploads\/2025\/04\/wizyta-Ambasador-624x468.jpeg 624w, https:\/\/siap.uw.edu.pl\/wordpress\/wp-content\/uploads\/2025\/04\/wizyta-Ambasador.jpeg 2048w\" sizes=\"(max-width: 300px) 100vw, 300px\" \/><\/p>\n<p>&nbsp;<\/p>\n<p><strong>12 marca 2025 roku Zak\u0142ad Turkologii i Lud\u00f3w Azji \u015arodkowej (mongolistyk\u0119 i tybetologi\u0119) \u00a0odwiedzi\u0142 Jargalsaikhan Dambadarjaa, ceniony mongolski ekonomista, dziennikarz polityczny i za\u0142o\u017cyciel think tanku The Defacto Instute.<\/strong> Spotkanie na Wydziale Orientalistycznym odbywa\u0142o si\u0119 w ramach przygotowa\u0144 prasowych do wizyty pa\u0144stwowej Prezydenta Mongolii w Polsce \u2013 13-14 marca 2025. Z go\u015bciem spotkali si\u0119 Dziekan Wydzia\u0142u Orientalistycznego, dr hab. Agata Bareja-Starzy\u0144ska, prof. ucz. oraz kierownik Zak\u0142adu Turkologii i Lud\u00f3w Azji \u015arodkowej, dr Jan Rogala.<span class=\"Apple-converted-space\">\u00a0 <\/span>W rozmowach, obok rozmowy na temat historii i obecnej sytuacji studi\u00f3w mongolistycznych w Polsce, poruszone zosta\u0142y zagadnienia dotycz\u0105ce rozwoju i mo\u017cliwo\u015bci poszerzania wsp\u00f3\u0142pracy, a tak\u017ce plany zwi\u0105zane z obchodami przypadaj\u0105cego w<span class=\"Apple-converted-space\">\u00a0 <\/span>tym roku jubileuszu 75-lecia nawi\u0105zania stosunk\u00f3w dyplomatycznych miedzy Polsk\u0105 i Mongoli\u0105. Na koniec spotkania go\u015b\u0107 przekaza\u0142 r\u00f3wnie\u017c dla zak\u0142adowej biblioteki trzy swoje najnowsze publikacje na temat wsp\u00f3\u0142czesnej gospodarki i historii Monngolii.<\/p>\n<p class=\"\" data-start=\"0\" data-end=\"421\"><strong>On March 12, 2025, the Department of Turkic Studies and Inner Asian Peoples (Mongolian and Tibetan Studies) hosted Jargalsaikhan Dambadarjaa, a renowned Mongolian economist, political journalist, and founder of the think tank <em data-start=\"228\" data-end=\"251\">The Defacto Institute<\/em><\/strong>. The meeting at the Faculty of Oriental Studies took place as part of press preparations for the state visit of the President of Mongolia to Poland on March 13\u201314, 2025. The Dean of the Faculty of Oriental Studies, Prof. Agata Bareja-Starzy\u0144ska, and Dr. Jan Rogala, Head of the Department of Turkic Studies and Inner Asian Peoples, welcomed Mr. Dambadarjaa. Discussions focused not only on the history and current state of Mongolian Studies in Poland but also on opportunities for expanding academic cooperation, as well as plans related to this year\u2019s celebration of the 75th anniversary of the establishment of diplomatic relations between Poland and Mongolia. At the conclusion of the meeting, Mr. Dambadarjaa donated three of his latest publications on Mongolia\u2019s contemporary economy and history to the department\u2019s library.<\/p>\n<p><img loading=\"lazy\" decoding=\"async\" class=\"alignnone size-medium wp-image-268\" src=\"https:\/\/siap.uw.edu.pl\/wordpress\/wp-content\/uploads\/2025\/04\/20250312_113638-241x300.jpg\" alt=\"\" width=\"241\" height=\"300\" srcset=\"https:\/\/siap.uw.edu.pl\/wordpress\/wp-content\/uploads\/2025\/04\/20250312_113638-241x300.jpg 241w, https:\/\/siap.uw.edu.pl\/wordpress\/wp-content\/uploads\/2025\/04\/20250312_113638.jpg 514w\" sizes=\"(max-width: 241px) 100vw, 241px\" \/><\/p>\n<p>&nbsp;<\/p>\n<p><strong>OCTOBER 2024<\/strong><\/p>\n<p><strong>1st International Conference \u201cTibet and the Himalayas: Past and Present\u201d<\/strong><\/p>\n<p>W imieniu organizator\u00f3w serdecznie zapraszamy na mi\u0119dzynarodow\u0105 konferencj\u0119\u00a0\u00a01<sup>st\u00a0<\/sup>International Conference\u00a0<strong><em>\u201cTibet and the Himalayas: Past and Present\u201d<\/em><\/strong>, kt\u00f3ra odb\u0119dzie si\u0119 w dniach 21-22 pa\u017adziernika 2024 r. na Uniwersytecie Warszawskim. Konferencja b\u0119dzie platform\u0105 do dyskusji o wielu aspektach cywilizacji tybeta\u0144skiej i Himalaj\u00f3w, w tym o j\u0119zykach, literaturze, historii, religiach, kulturze, sztuce oraz problemach spo\u0142ecznych i \u015brodowiskowych. Dalsze szczeg\u00f3\u0142y, w tym program konferencji, zostan\u0105 og\u0142oszone w odpowiednim czasie. We wszystkich sprawach zwi\u0105zanych z konferencj\u0105 prosimy o kontakt mailowy na adres\u00a0<a href=\"mailto:tibet.himalayas@uw.edu.pl\" target=\"_blank\" rel=\"noreferrer noopener\">tibet.himalayas@uw.edu.pl<\/a>\u00a0(dr Magdalena Szpindler, sekretarz konferencji).<\/p>\n<p>On behalf of the organizers we kindly invite you to the 1<sup>st\u00a0<\/sup>International Conference\u00a0<strong><em>\u201cTibet and the Himalayas: Past and Present\u201d\u00a0<\/em><\/strong>\u00a0held on October 21\u201422, 2024, at the University of Warsaw.\u00a0The conference will be a platform for discussing many aspects of Tibetan civilization and the Himalayas, including languages, literature, history, religions, culture, arts, and social and environmental problems. Further details, including the conference programme, will be announced in due time.<br \/>\nFor all matters related to the conference, please contact us via email tibet.himalayas@<a href=\"http:\/\/uw.edu.pl\/\" target=\"_blank\" rel=\"noreferrer noopener\">uw.edu.pl<\/a>\u00a0(Dr Magdalena Szpindler, conference\u00a0secretary).<\/p>\n<p><a href=\"https:\/\/siap.uw.edu.pl\/wordpress\/wp-content\/uploads\/2024\/10\/Conference-Programme-Practical-Information.pdf\">Conference Programme &amp; Practical Information<\/a><\/p>\n<p><a href=\"https:\/\/siap.uw.edu.pl\/wordpress\/wp-content\/uploads\/2024\/10\/ABSTRACTS_changed.pdf\">ABSTRACTS_changed<\/a><\/p>\n<p>&nbsp;<\/p>\n<p><strong>SIERPIE\u0143\/ SEPTEMBER 2024<\/strong><\/p>\n<p>21 wrze\u015bnia 2024 r. w ramach <strong>Festiwalu Nauki<\/strong> odby\u0142y si\u0119 wyk\u0142ady prowadzone przez pracownik\u00f3w WO w Starym BUWie (sala 205) na Kampusie G\u0142\u00f3wnym UW:<br \/>\n&#8211; Dotykaj\u0105c niedotykalnego. Zwoje malarskie w tradycjach buddyjskich Tybetu i Mongolii &#8211; M. Szpindler, godz. 14:00<br \/>\n&#8211; Tajemnice zakamark\u00f3w wn\u0119trza mongolskiej jurty, czyli kilka s\u0142\u00f3w o budowie i podziale przestrzeni domu koczownik\u00f3w &#8211; J. Rogala, godz. 15:30<br \/>\nhttps:\/\/festiwalnauki.edu.pl\/organizatorzy\/wydzial-orientalistyczny<\/p>\n<p>&nbsp;<\/p>\n<p><b>LISTOPAD\/ NOVEMBER 2023<\/b><\/p>\n<p>International Conference <b>\u201eHeaven and Hell and What Lies Between: Representing the Afterlife from Central Asia to the Himalayas\u201d <\/b>was organised by SEECHAC (Soci\u00e9t\u00e9 Europ\u00e9ene pour l\u2019Etude des Civilisations de l\u2019Himalaya et de l\u2019Asie Centrale) and the Faculty of Oriental Studies, University of Warsaw, 13\u201315 November 2023, University of Warsaw.<\/p>\n<p>&nbsp;<\/p>\n<p><b>PA\u0179DZIERNIK\/ OCTOBER 2023<\/b><\/p>\n<p>The Faculty of Oriental Studies of the University of Warsaw was hosting the <b>4th International Conference \u201cMongolia and the Mongols: Past and Present\u201d<\/b> on October, 16th-17th 2023 at the University of Warsaw, Poland. The conference was organized under the patronage of HE. Ambassador of Mongolia to Poland.<\/p>\n","protected":false},"excerpt":{"rendered":"<p>Spotkanie i promocja ksi\u0105\u017cki \u201eM\u0105dro\u015b\u0107 na wygnaniu\u201d , autorstwa Lamy Jampa Thaye. Dwudziestego trzeciego stycznia 2026 roku Zak\u0142ad Turkologii, Mongolistyki i Tybetologii we wsp\u00f3\u0142pracy ze Stowarzyszeniem Khyenkong Karma Kagyu Polska zorganizowa\u0142 promocj\u0119 polskiego przek\u0142adu ksi\u0105\u017cki \u201eM\u0105dro\u015b\u0107 na wygnaniu\u201d oraz spotkanie z autorem lam\u0105 Jama Thaye, brytyjskim\u00a0 akademikiem, historykiem religii Tybetu (Uniwersytet w Manchesterze) i mistrzem [&hellip;]<\/p>\n","protected":false},"author":2,"featured_media":0,"parent":0,"menu_order":0,"comment_status":"closed","ping_status":"closed","template":"","meta":{"footnotes":""},"class_list":["post-97","page","type-page","status-publish","hentry"],"aioseo_notices":[],"_links":{"self":[{"href":"https:\/\/siap.uw.edu.pl\/wordpress\/index.php\/wp-json\/wp\/v2\/pages\/97","targetHints":{"allow":["GET"]}}],"collection":[{"href":"https:\/\/siap.uw.edu.pl\/wordpress\/index.php\/wp-json\/wp\/v2\/pages"}],"about":[{"href":"https:\/\/siap.uw.edu.pl\/wordpress\/index.php\/wp-json\/wp\/v2\/types\/page"}],"author":[{"embeddable":true,"href":"https:\/\/siap.uw.edu.pl\/wordpress\/index.php\/wp-json\/wp\/v2\/users\/2"}],"replies":[{"embeddable":true,"href":"https:\/\/siap.uw.edu.pl\/wordpress\/index.php\/wp-json\/wp\/v2\/comments?post=97"}],"version-history":[{"count":19,"href":"https:\/\/siap.uw.edu.pl\/wordpress\/index.php\/wp-json\/wp\/v2\/pages\/97\/revisions"}],"predecessor-version":[{"id":322,"href":"https:\/\/siap.uw.edu.pl\/wordpress\/index.php\/wp-json\/wp\/v2\/pages\/97\/revisions\/322"}],"wp:attachment":[{"href":"https:\/\/siap.uw.edu.pl\/wordpress\/index.php\/wp-json\/wp\/v2\/media?parent=97"}],"curies":[{"name":"wp","href":"https:\/\/api.w.org\/{rel}","templated":true}]}}